{"id":292,"date":"2024-02-08T15:27:04","date_gmt":"2024-02-08T14:27:04","guid":{"rendered":"https:\/\/asbrindas.fr\/?page_id=292"},"modified":"2026-04-09T14:48:01","modified_gmt":"2026-04-09T12:48:01","slug":"competitions-gym-artistique-asb","status":"publish","type":"page","link":"https:\/\/asbrindas.fr\/index.php\/competitions-gym-artistique-asb\/","title":{"rendered":"Calendrier des Comp\u00e9titions Gym Artistique"},"content":{"rendered":"\n<style>\nbody {\nbackground-color: #6997FA;\n}\n<\/style>\n\n\n\n<p class=\"has-background has-medium-font-size\" style=\"background-color:#fa8b25\"><strong>Organigrammes week-end du 9 et 10 mai demi finale \u00e0 BOEN SUR LIGNON<\/strong><\/p>\n\n\n\n<figure class=\"wp-block-image size-full is-resized\"><img loading=\"lazy\" decoding=\"async\" width=\"958\" height=\"366\" src=\"https:\/\/asbrindas.fr\/wp-content\/uploads\/2026\/04\/samedi-9-matin-bleu.jpg\" alt=\"\" class=\"wp-image-1621\" style=\"aspect-ratio:2.61758691206544;width:640px;height:auto\" srcset=\"https:\/\/asbrindas.fr\/wp-content\/uploads\/2026\/04\/samedi-9-matin-bleu.jpg 958w, https:\/\/asbrindas.fr\/wp-content\/uploads\/2026\/04\/samedi-9-matin-bleu-300x115.jpg 300w, https:\/\/asbrindas.fr\/wp-content\/uploads\/2026\/04\/samedi-9-matin-bleu-768x293.jpg 768w\" sizes=\"auto, (max-width: 958px) 100vw, 958px\" \/><\/figure>\n\n\n\n<figure class=\"wp-block-image size-full is-resized\"><img loading=\"lazy\" decoding=\"async\" width=\"827\" height=\"376\" src=\"https:\/\/asbrindas.fr\/wp-content\/uploads\/2026\/04\/samedi-9-matin-rose-1.jpg\" alt=\"\" class=\"wp-image-1630\" style=\"width:636px;height:auto\" srcset=\"https:\/\/asbrindas.fr\/wp-content\/uploads\/2026\/04\/samedi-9-matin-rose-1.jpg 827w, https:\/\/asbrindas.fr\/wp-content\/uploads\/2026\/04\/samedi-9-matin-rose-1-300x136.jpg 300w, https:\/\/asbrindas.fr\/wp-content\/uploads\/2026\/04\/samedi-9-matin-rose-1-768x349.jpg 768w\" sizes=\"auto, (max-width: 827px) 100vw, 827px\" \/><\/figure>\n\n\n\n<figure class=\"wp-block-image size-full is-resized\"><img loading=\"lazy\" decoding=\"async\" width=\"807\" height=\"473\" src=\"https:\/\/asbrindas.fr\/wp-content\/uploads\/2026\/04\/samedi-9-aprem-bleu.jpg\" alt=\"\" class=\"wp-image-1623\" style=\"width:652px;height:auto\" srcset=\"https:\/\/asbrindas.fr\/wp-content\/uploads\/2026\/04\/samedi-9-aprem-bleu.jpg 807w, https:\/\/asbrindas.fr\/wp-content\/uploads\/2026\/04\/samedi-9-aprem-bleu-300x176.jpg 300w, https:\/\/asbrindas.fr\/wp-content\/uploads\/2026\/04\/samedi-9-aprem-bleu-768x450.jpg 768w\" sizes=\"auto, (max-width: 807px) 100vw, 807px\" \/><\/figure>\n\n\n\n<figure class=\"wp-block-image size-full is-resized\"><img loading=\"lazy\" decoding=\"async\" width=\"686\" height=\"304\" src=\"https:\/\/asbrindas.fr\/wp-content\/uploads\/2026\/04\/samedi-9-aprem-rouge-1.jpg\" alt=\"\" class=\"wp-image-1631\" style=\"width:653px;height:auto\" srcset=\"https:\/\/asbrindas.fr\/wp-content\/uploads\/2026\/04\/samedi-9-aprem-rouge-1.jpg 686w, https:\/\/asbrindas.fr\/wp-content\/uploads\/2026\/04\/samedi-9-aprem-rouge-1-300x133.jpg 300w\" sizes=\"auto, (max-width: 686px) 100vw, 686px\" \/><\/figure>\n\n\n\n<figure class=\"wp-block-image size-full is-resized\"><img loading=\"lazy\" decoding=\"async\" width=\"832\" height=\"340\" src=\"https:\/\/asbrindas.fr\/wp-content\/uploads\/2026\/04\/dimanche-10-matin-rose-1.jpg\" alt=\"\" class=\"wp-image-1633\" style=\"width:664px;height:auto\" srcset=\"https:\/\/asbrindas.fr\/wp-content\/uploads\/2026\/04\/dimanche-10-matin-rose-1.jpg 832w, https:\/\/asbrindas.fr\/wp-content\/uploads\/2026\/04\/dimanche-10-matin-rose-1-300x123.jpg 300w, https:\/\/asbrindas.fr\/wp-content\/uploads\/2026\/04\/dimanche-10-matin-rose-1-768x314.jpg 768w\" sizes=\"auto, (max-width: 832px) 100vw, 832px\" \/><\/figure>\n\n\n\n<figure class=\"wp-block-image size-full is-resized\"><img loading=\"lazy\" decoding=\"async\" width=\"677\" height=\"293\" src=\"https:\/\/asbrindas.fr\/wp-content\/uploads\/2026\/04\/dimanche-10-matin-bleu.jpg\" alt=\"\" class=\"wp-image-1626\" style=\"width:656px;height:auto\" srcset=\"https:\/\/asbrindas.fr\/wp-content\/uploads\/2026\/04\/dimanche-10-matin-bleu.jpg 677w, https:\/\/asbrindas.fr\/wp-content\/uploads\/2026\/04\/dimanche-10-matin-bleu-300x130.jpg 300w\" sizes=\"auto, (max-width: 677px) 100vw, 677px\" \/><\/figure>\n\n\n\n<figure class=\"wp-block-image size-full is-resized\"><img loading=\"lazy\" decoding=\"async\" width=\"682\" height=\"352\" src=\"https:\/\/asbrindas.fr\/wp-content\/uploads\/2026\/04\/dimanche-10-aprem-rose-1.jpg\" alt=\"\" class=\"wp-image-1634\" style=\"width:660px;height:auto\" srcset=\"https:\/\/asbrindas.fr\/wp-content\/uploads\/2026\/04\/dimanche-10-aprem-rose-1.jpg 682w, https:\/\/asbrindas.fr\/wp-content\/uploads\/2026\/04\/dimanche-10-aprem-rose-1-300x155.jpg 300w\" sizes=\"auto, (max-width: 682px) 100vw, 682px\" \/><\/figure>\n\n\n\n<figure class=\"wp-block-image size-full is-resized\"><img loading=\"lazy\" decoding=\"async\" width=\"686\" height=\"286\" src=\"https:\/\/asbrindas.fr\/wp-content\/uploads\/2026\/04\/dimanche-10-aprem-bleu.jpg\" alt=\"\" class=\"wp-image-1628\" style=\"width:648px;height:auto\" srcset=\"https:\/\/asbrindas.fr\/wp-content\/uploads\/2026\/04\/dimanche-10-aprem-bleu.jpg 686w, https:\/\/asbrindas.fr\/wp-content\/uploads\/2026\/04\/dimanche-10-aprem-bleu-300x125.jpg 300w\" sizes=\"auto, (max-width: 686px) 100vw, 686px\" \/><\/figure>\n\n\n\n<p class=\"has-highlight-background-color has-background has-medium-font-size\"><strong>MINI ENCHAINEMENTS week-end du 25 et 26 avril \u00e0 St Martin d&rsquo;H\u00e8res et \u00e0 Lanci\u00e9<\/strong><\/p>\n\n\n\n<figure class=\"wp-block-image size-full is-resized\"><img loading=\"lazy\" decoding=\"async\" width=\"740\" height=\"488\" src=\"https:\/\/asbrindas.fr\/wp-content\/uploads\/2026\/04\/ME-Region-turquoise.jpg\" alt=\"\" class=\"wp-image-1616\" style=\"width:543px;height:auto\" srcset=\"https:\/\/asbrindas.fr\/wp-content\/uploads\/2026\/04\/ME-Region-turquoise.jpg 740w, https:\/\/asbrindas.fr\/wp-content\/uploads\/2026\/04\/ME-Region-turquoise-300x198.jpg 300w\" sizes=\"auto, (max-width: 740px) 100vw, 740px\" \/><\/figure>\n\n\n\n<figure class=\"wp-block-image size-full is-resized\"><img loading=\"lazy\" decoding=\"async\" width=\"854\" height=\"475\" src=\"https:\/\/asbrindas.fr\/wp-content\/uploads\/2026\/04\/ME-dep-2.jpg\" alt=\"\" class=\"wp-image-1617\" style=\"width:534px;height:auto\" srcset=\"https:\/\/asbrindas.fr\/wp-content\/uploads\/2026\/04\/ME-dep-2.jpg 854w, https:\/\/asbrindas.fr\/wp-content\/uploads\/2026\/04\/ME-dep-2-300x167.jpg 300w, https:\/\/asbrindas.fr\/wp-content\/uploads\/2026\/04\/ME-dep-2-768x427.jpg 768w\" sizes=\"auto, (max-width: 854px) 100vw, 854px\" \/><\/figure>\n\n\n\n<figure class=\"wp-block-image size-full is-resized\"><img loading=\"lazy\" decoding=\"async\" width=\"821\" height=\"401\" src=\"https:\/\/asbrindas.fr\/wp-content\/uploads\/2026\/04\/ME-Dep.jpg\" alt=\"\" class=\"wp-image-1618\" style=\"width:538px;height:auto\" srcset=\"https:\/\/asbrindas.fr\/wp-content\/uploads\/2026\/04\/ME-Dep.jpg 821w, https:\/\/asbrindas.fr\/wp-content\/uploads\/2026\/04\/ME-Dep-300x147.jpg 300w, https:\/\/asbrindas.fr\/wp-content\/uploads\/2026\/04\/ME-Dep-768x375.jpg 768w\" sizes=\"auto, (max-width: 821px) 100vw, 821px\" \/><\/figure>\n\n\n\n<p class=\"has-medium-font-size\"><strong>Pr\u00e9-organigramme pr\u00e9visionnel Demi-Finale \u00e0 BOEN-SUR-LIGNON<\/strong><\/p>\n\n\n\n<figure class=\"wp-block-image size-full is-resized\"><img loading=\"lazy\" decoding=\"async\" width=\"646\" height=\"781\" src=\"https:\/\/asbrindas.fr\/wp-content\/uploads\/2026\/03\/pre-orga-demi-finale-nationale.jpg\" alt=\"\" class=\"wp-image-1604\" style=\"aspect-ratio:0.8271635447041961;width:439px;height:auto\" srcset=\"https:\/\/asbrindas.fr\/wp-content\/uploads\/2026\/03\/pre-orga-demi-finale-nationale.jpg 646w, https:\/\/asbrindas.fr\/wp-content\/uploads\/2026\/03\/pre-orga-demi-finale-nationale-248x300.jpg 248w\" sizes=\"auto, (max-width: 646px) 100vw, 646px\" \/><\/figure>\n\n\n\n<p class=\"has-medium-font-size\"><strong>Pr\u00e9-organigramme pr\u00e9visionnel Finale Jeune \u00e0 TRETS<\/strong><\/p>\n\n\n\n<figure class=\"wp-block-image size-full is-resized\"><img loading=\"lazy\" decoding=\"async\" width=\"490\" height=\"590\" src=\"https:\/\/asbrindas.fr\/wp-content\/uploads\/2026\/03\/pre-orga-finale-jeune-2.jpg\" alt=\"\" class=\"wp-image-1603\" style=\"width:434px;height:auto\" srcset=\"https:\/\/asbrindas.fr\/wp-content\/uploads\/2026\/03\/pre-orga-finale-jeune-2.jpg 490w, https:\/\/asbrindas.fr\/wp-content\/uploads\/2026\/03\/pre-orga-finale-jeune-2-249x300.jpg 249w\" sizes=\"auto, (max-width: 490px) 100vw, 490px\" \/><\/figure>\n\n\n\n<p class=\"has-background has-medium-font-size\" style=\"background-color:#f7782a\"><strong>R\u00e9gion 3 : Organigrammes week-end du 28 et 29 mars \u00e0 ANSE<\/strong><\/p>\n\n\n\n<figure class=\"wp-block-image size-full is-resized\"><img loading=\"lazy\" decoding=\"async\" width=\"778\" height=\"605\" src=\"https:\/\/asbrindas.fr\/wp-content\/uploads\/2026\/03\/RG3-samedi-28-vert-matin.jpg\" alt=\"\" class=\"wp-image-1593\" style=\"aspect-ratio:1.2859662383471908;width:679px;height:auto\" srcset=\"https:\/\/asbrindas.fr\/wp-content\/uploads\/2026\/03\/RG3-samedi-28-vert-matin.jpg 778w, https:\/\/asbrindas.fr\/wp-content\/uploads\/2026\/03\/RG3-samedi-28-vert-matin-300x233.jpg 300w, https:\/\/asbrindas.fr\/wp-content\/uploads\/2026\/03\/RG3-samedi-28-vert-matin-768x597.jpg 768w\" sizes=\"auto, (max-width: 778px) 100vw, 778px\" \/><\/figure>\n\n\n\n<figure class=\"wp-block-image size-full is-resized\"><img loading=\"lazy\" decoding=\"async\" width=\"759\" height=\"676\" src=\"https:\/\/asbrindas.fr\/wp-content\/uploads\/2026\/03\/RG3-samedi-28-violet-matin.jpg\" alt=\"\" class=\"wp-image-1594\" style=\"width:652px;height:auto\" srcset=\"https:\/\/asbrindas.fr\/wp-content\/uploads\/2026\/03\/RG3-samedi-28-violet-matin.jpg 759w, https:\/\/asbrindas.fr\/wp-content\/uploads\/2026\/03\/RG3-samedi-28-violet-matin-300x267.jpg 300w\" sizes=\"auto, (max-width: 759px) 100vw, 759px\" \/><\/figure>\n\n\n\n<figure class=\"wp-block-image size-full is-resized\"><img loading=\"lazy\" decoding=\"async\" width=\"772\" height=\"602\" src=\"https:\/\/asbrindas.fr\/wp-content\/uploads\/2026\/03\/RG3-samedi-28-vert-aprem.jpg\" alt=\"\" class=\"wp-image-1595\" style=\"aspect-ratio:1.2824234774376775;width:654px;height:auto\" srcset=\"https:\/\/asbrindas.fr\/wp-content\/uploads\/2026\/03\/RG3-samedi-28-vert-aprem.jpg 772w, https:\/\/asbrindas.fr\/wp-content\/uploads\/2026\/03\/RG3-samedi-28-vert-aprem-300x234.jpg 300w, https:\/\/asbrindas.fr\/wp-content\/uploads\/2026\/03\/RG3-samedi-28-vert-aprem-768x599.jpg 768w\" sizes=\"auto, (max-width: 772px) 100vw, 772px\" \/><\/figure>\n\n\n\n<figure class=\"wp-block-image size-full\"><img loading=\"lazy\" decoding=\"async\" width=\"743\" height=\"601\" src=\"https:\/\/asbrindas.fr\/wp-content\/uploads\/2026\/03\/RG3-samedi-28-jaune-aprem.jpg\" alt=\"\" class=\"wp-image-1612\" srcset=\"https:\/\/asbrindas.fr\/wp-content\/uploads\/2026\/03\/RG3-samedi-28-jaune-aprem.jpg 743w, https:\/\/asbrindas.fr\/wp-content\/uploads\/2026\/03\/RG3-samedi-28-jaune-aprem-300x243.jpg 300w\" sizes=\"auto, (max-width: 743px) 100vw, 743px\" \/><\/figure>\n\n\n\n<figure class=\"wp-block-image size-full is-resized\"><img loading=\"lazy\" decoding=\"async\" width=\"773\" height=\"609\" src=\"https:\/\/asbrindas.fr\/wp-content\/uploads\/2026\/03\/RG3-dimanche-29-vert-matin.jpg\" alt=\"\" class=\"wp-image-1596\" style=\"width:688px;height:auto\" srcset=\"https:\/\/asbrindas.fr\/wp-content\/uploads\/2026\/03\/RG3-dimanche-29-vert-matin.jpg 773w, https:\/\/asbrindas.fr\/wp-content\/uploads\/2026\/03\/RG3-dimanche-29-vert-matin-300x236.jpg 300w, https:\/\/asbrindas.fr\/wp-content\/uploads\/2026\/03\/RG3-dimanche-29-vert-matin-768x605.jpg 768w\" sizes=\"auto, (max-width: 773px) 100vw, 773px\" \/><\/figure>\n\n\n\n<figure class=\"wp-block-image size-full is-resized\"><img loading=\"lazy\" decoding=\"async\" width=\"786\" height=\"610\" src=\"https:\/\/asbrindas.fr\/wp-content\/uploads\/2026\/03\/RG3-dimanche-29-bleu-aprem.jpg\" alt=\"\" class=\"wp-image-1597\" style=\"aspect-ratio:1.2885392048344153;width:696px;height:auto\" srcset=\"https:\/\/asbrindas.fr\/wp-content\/uploads\/2026\/03\/RG3-dimanche-29-bleu-aprem.jpg 786w, https:\/\/asbrindas.fr\/wp-content\/uploads\/2026\/03\/RG3-dimanche-29-bleu-aprem-300x233.jpg 300w, https:\/\/asbrindas.fr\/wp-content\/uploads\/2026\/03\/RG3-dimanche-29-bleu-aprem-768x596.jpg 768w\" sizes=\"auto, (max-width: 786px) 100vw, 786px\" \/><\/figure>\n\n\n\n<p class=\"has-background has-medium-font-size\" style=\"background-color:#ee2cde\"><strong>R\u00e9gion 2 : Organigrammes week-end du samedi 14 et dimanche 15 mars \u00e0 LA TOUR DU PIN et PONT DE BEAUVOISIN<\/strong><\/p>\n\n\n\n<figure class=\"wp-block-image size-full is-resized\"><img loading=\"lazy\" decoding=\"async\" width=\"756\" height=\"597\" src=\"https:\/\/asbrindas.fr\/wp-content\/uploads\/2026\/02\/RG2-samedi-14-turquoise-matin.jpg\" alt=\"\" class=\"wp-image-1584\" style=\"width:623px;height:auto\" srcset=\"https:\/\/asbrindas.fr\/wp-content\/uploads\/2026\/02\/RG2-samedi-14-turquoise-matin.jpg 756w, https:\/\/asbrindas.fr\/wp-content\/uploads\/2026\/02\/RG2-samedi-14-turquoise-matin-300x237.jpg 300w\" sizes=\"auto, (max-width: 756px) 100vw, 756px\" \/><\/figure>\n\n\n\n<figure class=\"wp-block-image size-full is-resized\"><img loading=\"lazy\" decoding=\"async\" width=\"870\" height=\"608\" src=\"https:\/\/asbrindas.fr\/wp-content\/uploads\/2026\/02\/RG2-samedi-14-rouge-aprem.jpg\" alt=\"\" class=\"wp-image-1585\" style=\"width:720px;height:auto\" srcset=\"https:\/\/asbrindas.fr\/wp-content\/uploads\/2026\/02\/RG2-samedi-14-rouge-aprem.jpg 870w, https:\/\/asbrindas.fr\/wp-content\/uploads\/2026\/02\/RG2-samedi-14-rouge-aprem-300x210.jpg 300w, https:\/\/asbrindas.fr\/wp-content\/uploads\/2026\/02\/RG2-samedi-14-rouge-aprem-768x537.jpg 768w\" sizes=\"auto, (max-width: 870px) 100vw, 870px\" \/><\/figure>\n\n\n\n<figure class=\"wp-block-image size-full is-resized\"><img loading=\"lazy\" decoding=\"async\" width=\"875\" height=\"647\" src=\"https:\/\/asbrindas.fr\/wp-content\/uploads\/2026\/03\/RG2-samedi-15-GM-aprem2.png\" alt=\"\" class=\"wp-image-1590\" style=\"width:724px;height:auto\" srcset=\"https:\/\/asbrindas.fr\/wp-content\/uploads\/2026\/03\/RG2-samedi-15-GM-aprem2.png 875w, https:\/\/asbrindas.fr\/wp-content\/uploads\/2026\/03\/RG2-samedi-15-GM-aprem2-300x222.png 300w, https:\/\/asbrindas.fr\/wp-content\/uploads\/2026\/03\/RG2-samedi-15-GM-aprem2-768x568.png 768w\" sizes=\"auto, (max-width: 875px) 100vw, 875px\" \/><\/figure>\n\n\n\n<figure class=\"wp-block-image size-full is-resized\"><img loading=\"lazy\" decoding=\"async\" width=\"754\" height=\"597\" src=\"https:\/\/asbrindas.fr\/wp-content\/uploads\/2026\/02\/RG2-dimanche-15-turquoise-matin.jpg\" alt=\"\" class=\"wp-image-1587\" style=\"aspect-ratio:1.2630262087946456;width:610px;height:auto\" srcset=\"https:\/\/asbrindas.fr\/wp-content\/uploads\/2026\/02\/RG2-dimanche-15-turquoise-matin.jpg 754w, https:\/\/asbrindas.fr\/wp-content\/uploads\/2026\/02\/RG2-dimanche-15-turquoise-matin-300x238.jpg 300w\" sizes=\"auto, (max-width: 754px) 100vw, 754px\" \/><\/figure>\n\n\n\n<p class=\"has-accent-background-color has-background has-medium-font-size\"><strong>R\u00e9gion 1 : Organigrammes week-end du samedi 28 f\u00e9vrier et dimanche 1er mars \u00e0 St Rambert d&rsquo;Albon<\/strong><\/p>\n\n\n\n<div class=\"wp-block-columns is-layout-flex wp-container-core-columns-is-layout-9d6595d7 wp-block-columns-is-layout-flex\">\n<div class=\"wp-block-column is-layout-flow wp-block-column-is-layout-flow\">\n<figure class=\"wp-block-image size-full is-resized\"><img loading=\"lazy\" decoding=\"async\" width=\"774\" height=\"658\" src=\"https:\/\/asbrindas.fr\/wp-content\/uploads\/2026\/02\/RG1-samedi-28-vert-matin-2.jpg\" alt=\"\" class=\"wp-image-1571\" style=\"aspect-ratio:1.1763206439711555;width:621px;height:auto\" srcset=\"https:\/\/asbrindas.fr\/wp-content\/uploads\/2026\/02\/RG1-samedi-28-vert-matin-2.jpg 774w, https:\/\/asbrindas.fr\/wp-content\/uploads\/2026\/02\/RG1-samedi-28-vert-matin-2-300x255.jpg 300w, https:\/\/asbrindas.fr\/wp-content\/uploads\/2026\/02\/RG1-samedi-28-vert-matin-2-768x653.jpg 768w\" sizes=\"auto, (max-width: 774px) 100vw, 774px\" \/><\/figure>\n<\/div>\n<\/div>\n\n\n\n<div class=\"wp-block-columns is-layout-flex wp-container-core-columns-is-layout-9d6595d7 wp-block-columns-is-layout-flex\">\n<div class=\"wp-block-column is-layout-flow wp-block-column-is-layout-flow\">\n<figure class=\"wp-block-image size-full is-resized\"><img loading=\"lazy\" decoding=\"async\" width=\"981\" height=\"563\" src=\"https:\/\/asbrindas.fr\/wp-content\/uploads\/2026\/02\/RG1-samedi-28-GM-matin-3.jpg\" alt=\"\" class=\"wp-image-1572\" style=\"aspect-ratio:1.7425203428111753;width:767px;height:auto\" srcset=\"https:\/\/asbrindas.fr\/wp-content\/uploads\/2026\/02\/RG1-samedi-28-GM-matin-3.jpg 981w, https:\/\/asbrindas.fr\/wp-content\/uploads\/2026\/02\/RG1-samedi-28-GM-matin-3-300x172.jpg 300w, https:\/\/asbrindas.fr\/wp-content\/uploads\/2026\/02\/RG1-samedi-28-GM-matin-3-768x441.jpg 768w\" sizes=\"auto, (max-width: 981px) 100vw, 981px\" \/><\/figure>\n<\/div>\n<\/div>\n\n\n\n<figure class=\"wp-block-image size-full is-resized\"><img loading=\"lazy\" decoding=\"async\" width=\"894\" height=\"625\" src=\"https:\/\/asbrindas.fr\/wp-content\/uploads\/2026\/02\/RG1-samedi-28-GM-aprem-4.jpg\" alt=\"\" class=\"wp-image-1574\" style=\"aspect-ratio:1.4304218626977878;width:774px;height:auto\" srcset=\"https:\/\/asbrindas.fr\/wp-content\/uploads\/2026\/02\/RG1-samedi-28-GM-aprem-4.jpg 894w, https:\/\/asbrindas.fr\/wp-content\/uploads\/2026\/02\/RG1-samedi-28-GM-aprem-4-300x210.jpg 300w, https:\/\/asbrindas.fr\/wp-content\/uploads\/2026\/02\/RG1-samedi-28-GM-aprem-4-768x537.jpg 768w\" sizes=\"auto, (max-width: 894px) 100vw, 894px\" \/><\/figure>\n\n\n\n<div class=\"wp-block-columns is-layout-flex wp-container-core-columns-is-layout-9d6595d7 wp-block-columns-is-layout-flex\">\n<div class=\"wp-block-column is-layout-flow wp-block-column-is-layout-flow\">\n<figure class=\"wp-block-image size-full is-resized\"><img loading=\"lazy\" decoding=\"async\" width=\"679\" height=\"694\" src=\"https:\/\/asbrindas.fr\/wp-content\/uploads\/2026\/02\/RG1-samedi-28-orange-matin-3.jpg\" alt=\"\" class=\"wp-image-1575\" style=\"aspect-ratio:0.9783961918711095;width:562px;height:auto\" srcset=\"https:\/\/asbrindas.fr\/wp-content\/uploads\/2026\/02\/RG1-samedi-28-orange-matin-3.jpg 679w, https:\/\/asbrindas.fr\/wp-content\/uploads\/2026\/02\/RG1-samedi-28-orange-matin-3-294x300.jpg 294w\" sizes=\"auto, (max-width: 679px) 100vw, 679px\" \/><\/figure>\n<\/div>\n<\/div>\n\n\n\n<figure class=\"wp-block-image size-full is-resized\"><img loading=\"lazy\" decoding=\"async\" width=\"746\" height=\"603\" src=\"https:\/\/asbrindas.fr\/wp-content\/uploads\/2026\/02\/RG1-samedi-28-orange-aprem-3.jpg\" alt=\"\" class=\"wp-image-1576\" style=\"width:675px;height:auto\" srcset=\"https:\/\/asbrindas.fr\/wp-content\/uploads\/2026\/02\/RG1-samedi-28-orange-aprem-3.jpg 746w, https:\/\/asbrindas.fr\/wp-content\/uploads\/2026\/02\/RG1-samedi-28-orange-aprem-3-300x242.jpg 300w\" sizes=\"auto, (max-width: 746px) 100vw, 746px\" \/><\/figure>\n\n\n\n<div class=\"wp-block-columns is-layout-flex wp-container-core-columns-is-layout-9d6595d7 wp-block-columns-is-layout-flex\">\n<div class=\"wp-block-column is-layout-flow wp-block-column-is-layout-flow\">\n<figure class=\"wp-block-image size-full is-resized\"><img loading=\"lazy\" decoding=\"async\" width=\"753\" height=\"602\" src=\"https:\/\/asbrindas.fr\/wp-content\/uploads\/2026\/02\/RG1-dimanche-1-orange-matin-2.jpg\" alt=\"\" class=\"wp-image-1577\" style=\"aspect-ratio:1.2508613195092895;width:673px;height:auto\" srcset=\"https:\/\/asbrindas.fr\/wp-content\/uploads\/2026\/02\/RG1-dimanche-1-orange-matin-2.jpg 753w, https:\/\/asbrindas.fr\/wp-content\/uploads\/2026\/02\/RG1-dimanche-1-orange-matin-2-300x240.jpg 300w\" sizes=\"auto, (max-width: 753px) 100vw, 753px\" \/><\/figure>\n<\/div>\n<\/div>\n\n\n\n<figure class=\"wp-block-image size-full\"><img loading=\"lazy\" decoding=\"async\" width=\"748\" height=\"535\" src=\"https:\/\/asbrindas.fr\/wp-content\/uploads\/2026\/02\/RG1-dimanche-1-orange-aprem-3.jpg\" alt=\"\" class=\"wp-image-1578\" srcset=\"https:\/\/asbrindas.fr\/wp-content\/uploads\/2026\/02\/RG1-dimanche-1-orange-aprem-3.jpg 748w, https:\/\/asbrindas.fr\/wp-content\/uploads\/2026\/02\/RG1-dimanche-1-orange-aprem-3-300x215.jpg 300w\" sizes=\"auto, (max-width: 748px) 100vw, 748px\" \/><\/figure>\n\n\n\n<figure class=\"wp-block-image size-full is-resized\"><img loading=\"lazy\" decoding=\"async\" width=\"759\" height=\"543\" src=\"https:\/\/asbrindas.fr\/wp-content\/uploads\/2026\/02\/RG1-dimanche-1-vert-aprem-3.jpg\" alt=\"\" class=\"wp-image-1579\" style=\"aspect-ratio:1.3978597668104136;width:657px;height:auto\" srcset=\"https:\/\/asbrindas.fr\/wp-content\/uploads\/2026\/02\/RG1-dimanche-1-vert-aprem-3.jpg 759w, https:\/\/asbrindas.fr\/wp-content\/uploads\/2026\/02\/RG1-dimanche-1-vert-aprem-3-300x215.jpg 300w\" sizes=\"auto, (max-width: 759px) 100vw, 759px\" \/><\/figure>\n\n\n\n<h2 class=\"wp-block-heading\">Calendrier des comp\u00e9titions r\u00e9gionales 2026<\/h2>\n\n\n\n<figure class=\"wp-block-image size-large\"><img loading=\"lazy\" decoding=\"async\" width=\"724\" height=\"1024\" src=\"https:\/\/asbrindas.fr\/wp-content\/uploads\/2026\/01\/WE-de-passage-des-niveaux-et-categories-2025-2026-724x1024.jpg\" alt=\"\" class=\"wp-image-1531\" srcset=\"https:\/\/asbrindas.fr\/wp-content\/uploads\/2026\/01\/WE-de-passage-des-niveaux-et-categories-2025-2026-724x1024.jpg 724w, https:\/\/asbrindas.fr\/wp-content\/uploads\/2026\/01\/WE-de-passage-des-niveaux-et-categories-2025-2026-212x300.jpg 212w, https:\/\/asbrindas.fr\/wp-content\/uploads\/2026\/01\/WE-de-passage-des-niveaux-et-categories-2025-2026-768x1086.jpg 768w, https:\/\/asbrindas.fr\/wp-content\/uploads\/2026\/01\/WE-de-passage-des-niveaux-et-categories-2025-2026.jpg 1080w\" sizes=\"auto, (max-width: 724px) 100vw, 724px\" \/><\/figure>\n\n\n\n<p class=\"has-medium-font-size\"><strong>Calendrier des Comp\u00e9titions 2025-2026<\/strong><\/p>\n\n\n\n<figure class=\"wp-block-image size-large\"><img loading=\"lazy\" decoding=\"async\" width=\"1024\" height=\"597\" src=\"https:\/\/asbrindas.fr\/wp-content\/uploads\/2025\/09\/IMG_6736-1024x597.jpg\" alt=\"\" class=\"wp-image-1485\" srcset=\"https:\/\/asbrindas.fr\/wp-content\/uploads\/2025\/09\/IMG_6736-1024x597.jpg 1024w, https:\/\/asbrindas.fr\/wp-content\/uploads\/2025\/09\/IMG_6736-300x175.jpg 300w, https:\/\/asbrindas.fr\/wp-content\/uploads\/2025\/09\/IMG_6736-768x448.jpg 768w, https:\/\/asbrindas.fr\/wp-content\/uploads\/2025\/09\/IMG_6736-1536x896.jpg 1536w, https:\/\/asbrindas.fr\/wp-content\/uploads\/2025\/09\/IMG_6736-2048x1195.jpg 2048w\" sizes=\"auto, (max-width: 1024px) 100vw, 1024px\" \/><\/figure>\n\n\n\n<h2 class=\"wp-block-heading\">R\u00e9sultats Comp\u00e9tition du 12 et 13 avril 2025<br><\/h2>\n\n\n\n<p class=\"has-electric-grass-gradient-background has-background\"><strong>N8 7-9 ans <\/strong><br>\u00e9quipe 1 : 7\u00e8me, non qualifi\u00e9es<br>\u00e9quipe 2 : 14\u00e8me, non qualifi\u00e9es<br><br><strong>N8 11 ans et +<\/strong> : 8\u00e8me, non qualifi\u00e9es<br><br><strong>N6 11-16 ans <\/strong><br>\u00e9quipe 1 : 8\u00e8me, qualifi\u00e9es<br>\u00e9quipe 2 : 9\u00e8me, non qualifi\u00e9es<br><br><strong>N5 11-14 ans<\/strong> : 3\u00e8me, qualifi\u00e9es<br>et 2\u00e8me en individuel pour Vitaliana<br><br><strong>N3 11-18 ans<\/strong> : 3\u00e8me, qualifi\u00e9es<br><br><strong>Bravo \u00e0 toutes nos gyms !<\/strong><\/p>\n\n\n\n<p><\/p>\n\n\n\n<h2 class=\"wp-block-heading\">Organigramme des comp\u00e9titions du 24 et 25 mai 2025<br><\/h2>\n\n\n\n<figure class=\"wp-block-image size-large\"><img loading=\"lazy\" decoding=\"async\" width=\"733\" height=\"1024\" src=\"https:\/\/asbrindas.fr\/wp-content\/uploads\/2025\/04\/IMG-20250402-WA0000-733x1024.jpg\" alt=\"\" class=\"wp-image-1288\" srcset=\"https:\/\/asbrindas.fr\/wp-content\/uploads\/2025\/04\/IMG-20250402-WA0000-733x1024.jpg 733w, https:\/\/asbrindas.fr\/wp-content\/uploads\/2025\/04\/IMG-20250402-WA0000-215x300.jpg 215w, https:\/\/asbrindas.fr\/wp-content\/uploads\/2025\/04\/IMG-20250402-WA0000-768x1073.jpg 768w, https:\/\/asbrindas.fr\/wp-content\/uploads\/2025\/04\/IMG-20250402-WA0000.jpg 1080w\" sizes=\"auto, (max-width: 733px) 100vw, 733px\" \/><\/figure>\n\n\n\n<p><\/p>\n\n\n\n<h2 class=\"wp-block-heading\">Organigramme des comp\u00e9titions du 17 et 18 mai 2025<br><\/h2>\n\n\n\n<figure class=\"wp-block-image size-large\"><img loading=\"lazy\" decoding=\"async\" width=\"637\" height=\"1024\" src=\"https:\/\/asbrindas.fr\/wp-content\/uploads\/2025\/04\/IMG-20250402-WA0001-637x1024.jpg\" alt=\"\" class=\"wp-image-1287\" srcset=\"https:\/\/asbrindas.fr\/wp-content\/uploads\/2025\/04\/IMG-20250402-WA0001-637x1024.jpg 637w, https:\/\/asbrindas.fr\/wp-content\/uploads\/2025\/04\/IMG-20250402-WA0001-187x300.jpg 187w, https:\/\/asbrindas.fr\/wp-content\/uploads\/2025\/04\/IMG-20250402-WA0001-768x1234.jpg 768w, https:\/\/asbrindas.fr\/wp-content\/uploads\/2025\/04\/IMG-20250402-WA0001-956x1536.jpg 956w, https:\/\/asbrindas.fr\/wp-content\/uploads\/2025\/04\/IMG-20250402-WA0001.jpg 1080w\" sizes=\"auto, (max-width: 637px) 100vw, 637px\" \/><\/figure>\n\n\n\n<h2 class=\"wp-block-heading\">R\u00e9sultats des comp\u00e9titions du 29 et 30 mars 2025<\/h2>\n\n\n\n<p class=\"has-blush-light-purple-gradient-background has-background\"><\/p>\n\n\n\n<figure class=\"wp-block-image size-large\"><img loading=\"lazy\" decoding=\"async\" width=\"1024\" height=\"768\" src=\"https:\/\/asbrindas.fr\/wp-content\/uploads\/2025\/03\/IMG-20250330-WA0000-1024x768.jpg\" alt=\"\" class=\"wp-image-1277\" srcset=\"https:\/\/asbrindas.fr\/wp-content\/uploads\/2025\/03\/IMG-20250330-WA0000-1024x768.jpg 1024w, https:\/\/asbrindas.fr\/wp-content\/uploads\/2025\/03\/IMG-20250330-WA0000-300x225.jpg 300w, https:\/\/asbrindas.fr\/wp-content\/uploads\/2025\/03\/IMG-20250330-WA0000-768x576.jpg 768w, https:\/\/asbrindas.fr\/wp-content\/uploads\/2025\/03\/IMG-20250330-WA0000-1536x1152.jpg 1536w, https:\/\/asbrindas.fr\/wp-content\/uploads\/2025\/03\/IMG-20250330-WA0000-600x450.jpg 600w, https:\/\/asbrindas.fr\/wp-content\/uploads\/2025\/03\/IMG-20250330-WA0000.jpg 1600w\" sizes=\"auto, (max-width: 1024px) 100vw, 1024px\" \/><\/figure>\n\n\n\n<p class=\"has-blush-light-purple-gradient-background has-background\">Samedi 29 mars<br>GAM<br>N5 7\/14 ans = 8\u00e8me \/ 11 non qualifi\u00e9s<br>N4 11ans et + = 4\u00e8me \/ 4 qualifi\u00e9s et Bastien 3\u00e8me en individuel<br>N3 11 ans et + = 4\u00e8me \/ 6 qualifi\u00e9s<br><br>GAF<br>N2 11 ans et + = 2\u00e8me \/ 6, qualifi\u00e9es<br><br>Dimanche 30 mars<br>GAF<br>N6 \u00e9quipe 1 11\/13 ans = 3\u00e8me qualifi\u00e9es<br>N6 \u00e9quipe 2 11\/13 ans = 9\u00e8me non qualifi\u00e9es<br><br>Un grand merci \u00e0 nos juges : Emma, Elisa, Pierre, Olivier et Thomas !<br>Et merci \u00e0 nos coachs !<\/p>\n\n\n\n<h2 class=\"wp-block-heading\">R\u00e9sultats des comp\u00e9titions du 15 et 16 mars<\/h2>\n\n\n\n<p>Ci dessous les r\u00e9sultats pour les \u00e9quipes :<\/p>\n\n\n\n<p class=\"has-pale-ocean-gradient-background has-background\">\u00e9quipe N8 7\/10 ans 9\u00e8me<br>\u00e9quipe N6 7\/12 ans 9\u00e8me<br>Pas de qualifications pour les \u00e9quipes mais un tr\u00e8s beau r\u00e9sultat !<br><br><\/p>\n\n\n\n<p><\/p>\n\n\n\n<h2 class=\"wp-block-heading\">Calendrier des comp\u00e9titions r\u00e9gionales 2025<\/h2>\n\n\n\n<figure class=\"wp-block-gallery has-nested-images columns-default is-cropped wp-block-gallery-1 is-layout-flex wp-block-gallery-is-layout-flex\">\n<figure class=\"wp-block-image size-large\"><img loading=\"lazy\" decoding=\"async\" width=\"724\" height=\"1024\" data-id=\"1221\" src=\"https:\/\/asbrindas.fr\/wp-content\/uploads\/2025\/02\/IMG-20250203-WA0001-724x1024.jpg\" alt=\"\" class=\"wp-image-1221\" srcset=\"https:\/\/asbrindas.fr\/wp-content\/uploads\/2025\/02\/IMG-20250203-WA0001-724x1024.jpg 724w, https:\/\/asbrindas.fr\/wp-content\/uploads\/2025\/02\/IMG-20250203-WA0001-212x300.jpg 212w, https:\/\/asbrindas.fr\/wp-content\/uploads\/2025\/02\/IMG-20250203-WA0001-768x1086.jpg 768w, https:\/\/asbrindas.fr\/wp-content\/uploads\/2025\/02\/IMG-20250203-WA0001.jpg 1080w\" sizes=\"auto, (max-width: 724px) 100vw, 724px\" \/><\/figure>\n<\/figure>\n\n\n\n<h2 class=\"wp-block-heading\"><strong>R<mark style=\"background-color:rgba(0, 0, 0, 0)\" class=\"has-inline-color has-black-color\">\u00e9sultats des comp\u00e9titions du 1 et 2 f\u00e9vrier 2025<\/mark><\/strong><\/h2>\n\n\n\n<figure class=\"wp-block-image size-large\"><img loading=\"lazy\" decoding=\"async\" width=\"1024\" height=\"768\" src=\"https:\/\/asbrindas.fr\/wp-content\/uploads\/2025\/02\/IMG-20250205-WA0000-1024x768.jpg\" alt=\"\" class=\"wp-image-1218\" srcset=\"https:\/\/asbrindas.fr\/wp-content\/uploads\/2025\/02\/IMG-20250205-WA0000-1024x768.jpg 1024w, https:\/\/asbrindas.fr\/wp-content\/uploads\/2025\/02\/IMG-20250205-WA0000-300x225.jpg 300w, https:\/\/asbrindas.fr\/wp-content\/uploads\/2025\/02\/IMG-20250205-WA0000-768x576.jpg 768w, https:\/\/asbrindas.fr\/wp-content\/uploads\/2025\/02\/IMG-20250205-WA0000-1536x1152.jpg 1536w, https:\/\/asbrindas.fr\/wp-content\/uploads\/2025\/02\/IMG-20250205-WA0000-600x450.jpg 600w, https:\/\/asbrindas.fr\/wp-content\/uploads\/2025\/02\/IMG-20250205-WA0000.jpg 2016w\" sizes=\"auto, (max-width: 1024px) 100vw, 1024px\" \/><\/figure>\n\n\n\n<p class=\"has-pale-ocean-gradient-background has-background\">Chez les gar\u00e7ons :<br>&#8211; \u00e9quipe N5 : 7\u00e8me \/ 8<br>&#8211; \u00e9quipe N4 : 2\u00e8me \/ 2 et Baptiste 4\u00e8me en individuel <br>&#8211; \u00e9quipe N3 : 3\u00e8me \/ 5 et Bastien 2\u00e8me en individuel<br><br>Chez les filles :<br>&#8211; \u00e9quipe N2 : 1\u00e8re \/ 2 et Romane 2\u00e8me en individuel<br>&#8211; \u00e9quipe N3 : 4\u00e8me \/ 7 et \u00c9lisa 2\u00e8me e individuel<br>&#8211; \u00e9quipe N4 : 12\u00e8me \/ 13<br>&#8211; \u00e9quipe N5 : 4\u00e8me \/ 7 et Diane 5\u00e8me en individuel<br>&#8211; \u00e9quipe 1 N6 (11-13 ans) : 1er \/ 8 <br>et Juliana 1\u00e8re en individuel, Louise 2\u00e8me en individuel, C\u00e9leste 4\u00e8me en individuel<br>&#8211; \u00e9quipe 2 N6 (11-13 ans) : 6\u00e8me \/ 8<br>&#8211; \u00e9quipe 1 N6 (11-16 ans) : 8\u00e8me \/ 15<br>&#8211; \u00e9quipe 2 N6 (11-16 ans) : 9\u00e8me \/ 15<br>&#8211; \u00e9quipe N7 : 11\u00e8me \/ 14<br><br>Bravo \u00e0 tous nos gyms !<\/p>\n\n\n\n<p class=\"has-pale-ocean-gradient-background has-background\">Un \u00e9norme merci \u00e0 nos juges : Lionel, Manon, Laure, Amandine, \u00c9lisa, No\u00e9mie, Sol\u00e8ne, Pierre, Olivier<br>et \u00e0 nos entra\u00eeneurs : Charlotte, Cassie, Lionel, Benjamin et Olivier<\/p>\n\n\n\n<p><br><br><\/p>\n\n\n\n<p><br><strong>R\u00e9sultats des comp\u00e9titions du 24 et 25 janvier 2025<\/strong><br><\/p>\n\n\n\n<figure class=\"wp-block-image size-large is-resized\"><img loading=\"lazy\" decoding=\"async\" width=\"1024\" height=\"1024\" src=\"https:\/\/asbrindas.fr\/wp-content\/uploads\/2025\/02\/InCollage_20250131_165506697_resized-1024x1024.jpg\" alt=\"\" class=\"wp-image-1209\" style=\"width:485px;height:auto\" srcset=\"https:\/\/asbrindas.fr\/wp-content\/uploads\/2025\/02\/InCollage_20250131_165506697_resized-1024x1024.jpg 1024w, https:\/\/asbrindas.fr\/wp-content\/uploads\/2025\/02\/InCollage_20250131_165506697_resized-300x300.jpg 300w, https:\/\/asbrindas.fr\/wp-content\/uploads\/2025\/02\/InCollage_20250131_165506697_resized-150x150.jpg 150w, https:\/\/asbrindas.fr\/wp-content\/uploads\/2025\/02\/InCollage_20250131_165506697_resized-768x768.jpg 768w, https:\/\/asbrindas.fr\/wp-content\/uploads\/2025\/02\/InCollage_20250131_165506697_resized-1536x1536.jpg 1536w, https:\/\/asbrindas.fr\/wp-content\/uploads\/2025\/02\/InCollage_20250131_165506697_resized.jpg 2048w\" sizes=\"auto, (max-width: 1024px) 100vw, 1024px\" \/><\/figure>\n\n\n\n<p class=\"has-medium-font-size\"><\/p>\n\n\n\n<figure class=\"wp-block-image size-large is-resized\"><img loading=\"lazy\" decoding=\"async\" width=\"1024\" height=\"1024\" src=\"https:\/\/asbrindas.fr\/wp-content\/uploads\/2025\/02\/InCollage_20250202_154917834_resized-1024x1024.jpg\" alt=\"\" class=\"wp-image-1210\" style=\"width:514px;height:auto\" srcset=\"https:\/\/asbrindas.fr\/wp-content\/uploads\/2025\/02\/InCollage_20250202_154917834_resized-1024x1024.jpg 1024w, https:\/\/asbrindas.fr\/wp-content\/uploads\/2025\/02\/InCollage_20250202_154917834_resized-300x300.jpg 300w, https:\/\/asbrindas.fr\/wp-content\/uploads\/2025\/02\/InCollage_20250202_154917834_resized-150x150.jpg 150w, https:\/\/asbrindas.fr\/wp-content\/uploads\/2025\/02\/InCollage_20250202_154917834_resized-768x768.jpg 768w, https:\/\/asbrindas.fr\/wp-content\/uploads\/2025\/02\/InCollage_20250202_154917834_resized-1536x1536.jpg 1536w, https:\/\/asbrindas.fr\/wp-content\/uploads\/2025\/02\/InCollage_20250202_154917834_resized.jpg 2048w\" sizes=\"auto, (max-width: 1024px) 100vw, 1024px\" \/><\/figure>\n\n\n\n<p class=\"has-medium-font-size\"><\/p>\n\n\n\n<p>Qualifi\u00e9es pour la r\u00e9gion&nbsp;!<\/p>\n\n\n\n<p>Niveau 8 &#8211; 7\/10ans&nbsp;: 9\u00e8me sur 13 \u00e9quipes<\/p>\n\n\n\n<p>Niveau 8 &#8211; 7\/9 ans&nbsp; avec 2 \u00e9quipes&nbsp;: 9\u00e8me et 11\u00e8me sur 17 \u00e9quipes<\/p>\n\n\n\n<p>Niveau 8 &#8211; 11 ans et plus&nbsp;: 2\u00e8me et 3\u00e8me sur 5 \u00e9quipes<\/p>\n\n\n\n<p>et une premi\u00e8re place individuelle pour Anna dans l\u2019\u00e9quipe N8 \u2013 11ans et plus&nbsp;!<\/p>\n\n\n\n<p>Bravo les filles&nbsp;!<\/p>\n\n\n\n<p><\/p>\n\n\n\n<p><\/p>\n\n\n\n<p><strong>Voici les dates des comp\u00e9titions D\u00e9partementales pour l&rsquo;ann\u00e9e 2024-2025 :<\/strong><\/p>\n\n\n\n<p class=\"has-luminous-vivid-amber-to-luminous-vivid-orange-gradient-background has-background\"><strong>Pour les \u00e9quipes Mini Encha\u00eenements :<\/strong><br>le week-end du 15\/16 f\u00e9vrier 2025 \u00e0 Belleville<\/p>\n\n\n\n<p class=\"has-cool-to-warm-spectrum-gradient-background has-background\"><strong>Pour les \u00e9quipes F\u00e9minines de N8 \u00e0 N2 :<\/strong><br>soit le week-end du 25\/26 janvier 2025 \u00e0 Savigny<br>soit le week-end du 01\/02 f\u00e9vrier 2025 \u00e0 St Genis les Olli\u00e8res ou \u00e0 Chaponnay<\/p>\n\n\n\n<p class=\"has-vivid-cyan-blue-to-vivid-purple-gradient-background has-background\"><strong>Pour les \u00e9quipes Masculines :<\/strong><br>le week-end du 01\/02 f\u00e9vrier 2025 \u00e0 St Genis les Olli\u00e8res ou \u00e0 Chaponnay<\/p>\n\n\n\n<p><strong>Ces informations restent \u00e0 confirmer. <br>Les entraineurs se chargeront de vous donner la date et les horaires pr\u00e9cis quand ils auront re\u00e7u l&rsquo;info de la part de l&rsquo;UFOLEP. (En g\u00e9n\u00e9ral 15 jours avant la comp\u00e9titions)<\/strong><\/p>\n\n\n\n<p><\/p>\n","protected":false},"excerpt":{"rendered":"<p>Organigrammes week-end du 9 et 10 mai demi finale \u00e0 BOEN SUR LIGNON MINI ENCHAINEMENTS week-end du 25 et 26<\/p>\n","protected":false},"author":2,"featured_media":0,"parent":0,"menu_order":0,"comment_status":"closed","ping_status":"closed","template":"","meta":{"footnotes":""},"class_list":["post-292","page","type-page","status-publish","hentry","comments-off"],"yoast_head":"<!-- This site is optimized with the Yoast SEO plugin v27.5 - https:\/\/yoast.com\/product\/yoast-seo-wordpress\/ -->\n<title>Calendrier des comp\u00e9tions Gym Artistique de l ASB<\/title>\n<meta name=\"description\" content=\"Cliquez ici si vous souhaitez avoir tout le calendrier des comp\u00e9tions de la Gym Artistique de l&#039;ASB Brindas\" \/>\n<meta name=\"robots\" content=\"index, follow, max-snippet:-1, max-image-preview:large, max-video-preview:-1\" \/>\n<link rel=\"canonical\" href=\"https:\/\/asbrindas.fr\/index.php\/competitions-gym-artistique-asb\/\" \/>\n<meta property=\"og:locale\" content=\"fr_FR\" \/>\n<meta property=\"og:type\" content=\"article\" \/>\n<meta property=\"og:title\" content=\"Calendrier des comp\u00e9tions Gym Artistique de l ASB\" \/>\n<meta property=\"og:description\" content=\"Cliquez ici si vous souhaitez avoir tout le calendrier des comp\u00e9tions de la Gym Artistique de l&#039;ASB Brindas\" \/>\n<meta property=\"og:url\" content=\"https:\/\/asbrindas.fr\/index.php\/competitions-gym-artistique-asb\/\" \/>\n<meta property=\"og:site_name\" content=\"Association Sportive de Brindas\" \/>\n<meta property=\"article:modified_time\" content=\"2026-04-09T12:48:01+00:00\" \/>\n<meta property=\"og:image\" content=\"https:\/\/asbrindas.fr\/wp-content\/uploads\/2026\/04\/samedi-9-matin-bleu.jpg\" \/>\n\t<meta property=\"og:image:width\" content=\"958\" \/>\n\t<meta property=\"og:image:height\" content=\"366\" \/>\n\t<meta property=\"og:image:type\" content=\"image\/jpeg\" \/>\n<meta name=\"twitter:card\" content=\"summary_large_image\" \/>\n<meta name=\"twitter:label1\" content=\"Dur\u00e9e de lecture estim\u00e9e\" \/>\n\t<meta name=\"twitter:data1\" content=\"12 minutes\" \/>\n<script type=\"application\/ld+json\" class=\"yoast-schema-graph\">{\"@context\":\"https:\\\/\\\/schema.org\",\"@graph\":[{\"@type\":\"WebPage\",\"@id\":\"https:\\\/\\\/asbrindas.fr\\\/index.php\\\/competitions-gym-artistique-asb\\\/\",\"url\":\"https:\\\/\\\/asbrindas.fr\\\/index.php\\\/competitions-gym-artistique-asb\\\/\",\"name\":\"Calendrier des comp\u00e9tions Gym Artistique de l ASB\",\"isPartOf\":{\"@id\":\"http:\\\/\\\/asbrindas.fr\\\/#website\"},\"primaryImageOfPage\":{\"@id\":\"https:\\\/\\\/asbrindas.fr\\\/index.php\\\/competitions-gym-artistique-asb\\\/#primaryimage\"},\"image\":{\"@id\":\"https:\\\/\\\/asbrindas.fr\\\/index.php\\\/competitions-gym-artistique-asb\\\/#primaryimage\"},\"thumbnailUrl\":\"https:\\\/\\\/asbrindas.fr\\\/wp-content\\\/uploads\\\/2026\\\/04\\\/samedi-9-matin-bleu.jpg\",\"datePublished\":\"2024-02-08T14:27:04+00:00\",\"dateModified\":\"2026-04-09T12:48:01+00:00\",\"description\":\"Cliquez ici si vous souhaitez avoir tout le calendrier des comp\u00e9tions de la Gym Artistique de l'ASB Brindas\",\"breadcrumb\":{\"@id\":\"https:\\\/\\\/asbrindas.fr\\\/index.php\\\/competitions-gym-artistique-asb\\\/#breadcrumb\"},\"inLanguage\":\"fr-FR\",\"potentialAction\":[{\"@type\":\"ReadAction\",\"target\":[\"https:\\\/\\\/asbrindas.fr\\\/index.php\\\/competitions-gym-artistique-asb\\\/\"]}]},{\"@type\":\"ImageObject\",\"inLanguage\":\"fr-FR\",\"@id\":\"https:\\\/\\\/asbrindas.fr\\\/index.php\\\/competitions-gym-artistique-asb\\\/#primaryimage\",\"url\":\"https:\\\/\\\/asbrindas.fr\\\/wp-content\\\/uploads\\\/2026\\\/04\\\/samedi-9-matin-bleu.jpg\",\"contentUrl\":\"https:\\\/\\\/asbrindas.fr\\\/wp-content\\\/uploads\\\/2026\\\/04\\\/samedi-9-matin-bleu.jpg\",\"width\":958,\"height\":366},{\"@type\":\"BreadcrumbList\",\"@id\":\"https:\\\/\\\/asbrindas.fr\\\/index.php\\\/competitions-gym-artistique-asb\\\/#breadcrumb\",\"itemListElement\":[{\"@type\":\"ListItem\",\"position\":1,\"name\":\"Accueil\",\"item\":\"http:\\\/\\\/asbrindas.fr\\\/\"},{\"@type\":\"ListItem\",\"position\":2,\"name\":\"Calendrier des Comp\u00e9titions Gym Artistique\"}]},{\"@type\":\"WebSite\",\"@id\":\"http:\\\/\\\/asbrindas.fr\\\/#website\",\"url\":\"http:\\\/\\\/asbrindas.fr\\\/\",\"name\":\"Association Sportive de Brindas - ASB\",\"description\":\"Association Sportive Brindas\",\"publisher\":{\"@id\":\"http:\\\/\\\/asbrindas.fr\\\/#organization\"},\"potentialAction\":[{\"@type\":\"SearchAction\",\"target\":{\"@type\":\"EntryPoint\",\"urlTemplate\":\"http:\\\/\\\/asbrindas.fr\\\/?s={search_term_string}\"},\"query-input\":{\"@type\":\"PropertyValueSpecification\",\"valueRequired\":true,\"valueName\":\"search_term_string\"}}],\"inLanguage\":\"fr-FR\"},{\"@type\":\"Organization\",\"@id\":\"http:\\\/\\\/asbrindas.fr\\\/#organization\",\"name\":\"Association Sportive de Brindas - ASB\",\"url\":\"http:\\\/\\\/asbrindas.fr\\\/\",\"logo\":{\"@type\":\"ImageObject\",\"inLanguage\":\"fr-FR\",\"@id\":\"http:\\\/\\\/asbrindas.fr\\\/#\\\/schema\\\/logo\\\/image\\\/\",\"url\":\"http:\\\/\\\/asbrindas.fr\\\/wp-content\\\/uploads\\\/2024\\\/07\\\/Logo-ASB-80.png\",\"contentUrl\":\"http:\\\/\\\/asbrindas.fr\\\/wp-content\\\/uploads\\\/2024\\\/07\\\/Logo-ASB-80.png\",\"width\":228,\"height\":219,\"caption\":\"Association Sportive de Brindas - ASB\"},\"image\":{\"@id\":\"http:\\\/\\\/asbrindas.fr\\\/#\\\/schema\\\/logo\\\/image\\\/\"}}]}<\/script>\n<!-- \/ Yoast SEO plugin. -->","yoast_head_json":{"title":"Calendrier des comp\u00e9tions Gym Artistique de l ASB","description":"Cliquez ici si vous souhaitez avoir tout le calendrier des comp\u00e9tions de la Gym Artistique de l'ASB Brindas","robots":{"index":"index","follow":"follow","max-snippet":"max-snippet:-1","max-image-preview":"max-image-preview:large","max-video-preview":"max-video-preview:-1"},"canonical":"https:\/\/asbrindas.fr\/index.php\/competitions-gym-artistique-asb\/","og_locale":"fr_FR","og_type":"article","og_title":"Calendrier des comp\u00e9tions Gym Artistique de l ASB","og_description":"Cliquez ici si vous souhaitez avoir tout le calendrier des comp\u00e9tions de la Gym Artistique de l'ASB Brindas","og_url":"https:\/\/asbrindas.fr\/index.php\/competitions-gym-artistique-asb\/","og_site_name":"Association Sportive de Brindas","article_modified_time":"2026-04-09T12:48:01+00:00","og_image":[{"width":958,"height":366,"url":"https:\/\/asbrindas.fr\/wp-content\/uploads\/2026\/04\/samedi-9-matin-bleu.jpg","type":"image\/jpeg"}],"twitter_card":"summary_large_image","twitter_misc":{"Dur\u00e9e de lecture estim\u00e9e":"12 minutes"},"schema":{"@context":"https:\/\/schema.org","@graph":[{"@type":"WebPage","@id":"https:\/\/asbrindas.fr\/index.php\/competitions-gym-artistique-asb\/","url":"https:\/\/asbrindas.fr\/index.php\/competitions-gym-artistique-asb\/","name":"Calendrier des comp\u00e9tions Gym Artistique de l ASB","isPartOf":{"@id":"http:\/\/asbrindas.fr\/#website"},"primaryImageOfPage":{"@id":"https:\/\/asbrindas.fr\/index.php\/competitions-gym-artistique-asb\/#primaryimage"},"image":{"@id":"https:\/\/asbrindas.fr\/index.php\/competitions-gym-artistique-asb\/#primaryimage"},"thumbnailUrl":"https:\/\/asbrindas.fr\/wp-content\/uploads\/2026\/04\/samedi-9-matin-bleu.jpg","datePublished":"2024-02-08T14:27:04+00:00","dateModified":"2026-04-09T12:48:01+00:00","description":"Cliquez ici si vous souhaitez avoir tout le calendrier des comp\u00e9tions de la Gym Artistique de l'ASB Brindas","breadcrumb":{"@id":"https:\/\/asbrindas.fr\/index.php\/competitions-gym-artistique-asb\/#breadcrumb"},"inLanguage":"fr-FR","potentialAction":[{"@type":"ReadAction","target":["https:\/\/asbrindas.fr\/index.php\/competitions-gym-artistique-asb\/"]}]},{"@type":"ImageObject","inLanguage":"fr-FR","@id":"https:\/\/asbrindas.fr\/index.php\/competitions-gym-artistique-asb\/#primaryimage","url":"https:\/\/asbrindas.fr\/wp-content\/uploads\/2026\/04\/samedi-9-matin-bleu.jpg","contentUrl":"https:\/\/asbrindas.fr\/wp-content\/uploads\/2026\/04\/samedi-9-matin-bleu.jpg","width":958,"height":366},{"@type":"BreadcrumbList","@id":"https:\/\/asbrindas.fr\/index.php\/competitions-gym-artistique-asb\/#breadcrumb","itemListElement":[{"@type":"ListItem","position":1,"name":"Accueil","item":"http:\/\/asbrindas.fr\/"},{"@type":"ListItem","position":2,"name":"Calendrier des Comp\u00e9titions Gym Artistique"}]},{"@type":"WebSite","@id":"http:\/\/asbrindas.fr\/#website","url":"http:\/\/asbrindas.fr\/","name":"Association Sportive de Brindas - ASB","description":"Association Sportive Brindas","publisher":{"@id":"http:\/\/asbrindas.fr\/#organization"},"potentialAction":[{"@type":"SearchAction","target":{"@type":"EntryPoint","urlTemplate":"http:\/\/asbrindas.fr\/?s={search_term_string}"},"query-input":{"@type":"PropertyValueSpecification","valueRequired":true,"valueName":"search_term_string"}}],"inLanguage":"fr-FR"},{"@type":"Organization","@id":"http:\/\/asbrindas.fr\/#organization","name":"Association Sportive de Brindas - ASB","url":"http:\/\/asbrindas.fr\/","logo":{"@type":"ImageObject","inLanguage":"fr-FR","@id":"http:\/\/asbrindas.fr\/#\/schema\/logo\/image\/","url":"http:\/\/asbrindas.fr\/wp-content\/uploads\/2024\/07\/Logo-ASB-80.png","contentUrl":"http:\/\/asbrindas.fr\/wp-content\/uploads\/2024\/07\/Logo-ASB-80.png","width":228,"height":219,"caption":"Association Sportive de Brindas - ASB"},"image":{"@id":"http:\/\/asbrindas.fr\/#\/schema\/logo\/image\/"}}]}},"_links":{"self":[{"href":"https:\/\/asbrindas.fr\/index.php\/wp-json\/wp\/v2\/pages\/292","targetHints":{"allow":["GET"]}}],"collection":[{"href":"https:\/\/asbrindas.fr\/index.php\/wp-json\/wp\/v2\/pages"}],"about":[{"href":"https:\/\/asbrindas.fr\/index.php\/wp-json\/wp\/v2\/types\/page"}],"author":[{"embeddable":true,"href":"https:\/\/asbrindas.fr\/index.php\/wp-json\/wp\/v2\/users\/2"}],"replies":[{"embeddable":true,"href":"https:\/\/asbrindas.fr\/index.php\/wp-json\/wp\/v2\/comments?post=292"}],"version-history":[{"count":34,"href":"https:\/\/asbrindas.fr\/index.php\/wp-json\/wp\/v2\/pages\/292\/revisions"}],"predecessor-version":[{"id":1635,"href":"https:\/\/asbrindas.fr\/index.php\/wp-json\/wp\/v2\/pages\/292\/revisions\/1635"}],"wp:attachment":[{"href":"https:\/\/asbrindas.fr\/index.php\/wp-json\/wp\/v2\/media?parent=292"}],"curies":[{"name":"wp","href":"https:\/\/api.w.org\/{rel}","templated":true}]}}