{"id":308,"date":"2024-02-08T15:29:08","date_gmt":"2024-02-08T14:29:08","guid":{"rendered":"https:\/\/asbrindas.fr\/?page_id=308"},"modified":"2026-01-12T19:04:00","modified_gmt":"2026-01-12T18:04:00","slug":"stages-danse","status":"publish","type":"page","link":"https:\/\/asbrindas.fr\/index.php\/stages-danse\/","title":{"rendered":"Stage Modern Jazz"},"content":{"rendered":"\n<style>\nbody {\nbackground-color: #76CA2B;\n}\n<\/style>\n\n\n\n<h2 class=\"wp-block-heading\"><strong>Stage Cabaret janvier 2026<\/strong><\/h2>\n\n\n\n<figure class=\"wp-block-image size-large\"><img loading=\"lazy\" decoding=\"async\" width=\"1024\" height=\"1024\" src=\"https:\/\/asbrindas.fr\/wp-content\/uploads\/2026\/01\/stage-cabaret-janvier-2026-1-1024x1024.png\" alt=\"\" class=\"wp-image-1524\" srcset=\"https:\/\/asbrindas.fr\/wp-content\/uploads\/2026\/01\/stage-cabaret-janvier-2026-1-1024x1024.png 1024w, https:\/\/asbrindas.fr\/wp-content\/uploads\/2026\/01\/stage-cabaret-janvier-2026-1-300x300.png 300w, https:\/\/asbrindas.fr\/wp-content\/uploads\/2026\/01\/stage-cabaret-janvier-2026-1-150x150.png 150w, https:\/\/asbrindas.fr\/wp-content\/uploads\/2026\/01\/stage-cabaret-janvier-2026-1-768x768.png 768w, https:\/\/asbrindas.fr\/wp-content\/uploads\/2026\/01\/stage-cabaret-janvier-2026-1.png 1080w\" sizes=\"auto, (max-width: 1024px) 100vw, 1024px\" \/><\/figure>\n\n\n\n<h2 class=\"wp-block-heading\">Stage Cabaret de novembre 2025<\/h2>\n\n\n\n<figure class=\"wp-block-image size-full is-resized\"><img loading=\"lazy\" decoding=\"async\" width=\"800\" height=\"600\" src=\"https:\/\/asbrindas.fr\/wp-content\/uploads\/2025\/12\/Photo-couleur-stage-cabaret.jpeg\" alt=\"\" class=\"wp-image-1514\" style=\"width:656px;height:auto\" srcset=\"https:\/\/asbrindas.fr\/wp-content\/uploads\/2025\/12\/Photo-couleur-stage-cabaret.jpeg 800w, https:\/\/asbrindas.fr\/wp-content\/uploads\/2025\/12\/Photo-couleur-stage-cabaret-300x225.jpeg 300w, https:\/\/asbrindas.fr\/wp-content\/uploads\/2025\/12\/Photo-couleur-stage-cabaret-768x576.jpeg 768w, https:\/\/asbrindas.fr\/wp-content\/uploads\/2025\/12\/Photo-couleur-stage-cabaret-600x450.jpeg 600w\" sizes=\"auto, (max-width: 800px) 100vw, 800px\" \/><\/figure>\n\n\n\n<h2 class=\"wp-block-heading\">Stage Urban Contempo le 10 mai 2025<br><\/h2>\n\n\n\n<figure class=\"wp-block-image size-large\"><img loading=\"lazy\" decoding=\"async\" width=\"718\" height=\"1024\" src=\"https:\/\/asbrindas.fr\/wp-content\/uploads\/2025\/04\/IMG-20250429-WA0004-2-718x1024.jpg\" alt=\"\" class=\"wp-image-1302\" srcset=\"https:\/\/asbrindas.fr\/wp-content\/uploads\/2025\/04\/IMG-20250429-WA0004-2-718x1024.jpg 718w, https:\/\/asbrindas.fr\/wp-content\/uploads\/2025\/04\/IMG-20250429-WA0004-2-210x300.jpg 210w, https:\/\/asbrindas.fr\/wp-content\/uploads\/2025\/04\/IMG-20250429-WA0004-2-768x1095.jpg 768w, https:\/\/asbrindas.fr\/wp-content\/uploads\/2025\/04\/IMG-20250429-WA0004-2.jpg 1050w\" sizes=\"auto, (max-width: 718px) 100vw, 718px\" \/><\/figure>\n\n\n\n<h2 class=\"wp-block-heading\">Stage CABARET le 12 avril 2025<\/h2>\n\n\n\n<figure class=\"wp-block-image size-full\"><img loading=\"lazy\" decoding=\"async\" width=\"940\" height=\"788\" src=\"https:\/\/asbrindas.fr\/wp-content\/uploads\/2025\/03\/Stage-cabaret-12-avril.png\" alt=\"\" class=\"wp-image-1264\" srcset=\"https:\/\/asbrindas.fr\/wp-content\/uploads\/2025\/03\/Stage-cabaret-12-avril.png 940w, https:\/\/asbrindas.fr\/wp-content\/uploads\/2025\/03\/Stage-cabaret-12-avril-300x251.png 300w, https:\/\/asbrindas.fr\/wp-content\/uploads\/2025\/03\/Stage-cabaret-12-avril-768x644.png 768w\" sizes=\"auto, (max-width: 940px) 100vw, 940px\" \/><\/figure>\n\n\n\n<p class=\"has-text-align-left\"><strong>La danse cabaret&nbsp;<\/strong>est une forme artistique embl\u00e9matique qui allie&nbsp;gr\u00e2ce,&nbsp;sensualit\u00e9&nbsp;et&nbsp;spectacle.<br>Cette danse trouve ses racines dans les cabarets parisiens et les revues de music-hall. <br>Aujourd&rsquo;hui, elle continue de captiver les spectateurs du monde entier avec son glamour intemporel et son charme envo\u00fbtant.<br>Les bienfaits de la danse cabaret vont au-del\u00e0 du simple divertissement. En plus d&rsquo;am\u00e9liorer la posture et la ma\u00eetrise du corps, cette danse permet de gagner en confiance en soi et d&rsquo;exprimer sa f\u00e9minit\u00e9 de mani\u00e8re artistique.<br>Elle offre \u00e9galement une excellente occasion de se d\u00e9tendre et de se lib\u00e9rer du stress quotidien gr\u00e2ce \u00e0 la musique entra\u00eenante et aux mouvements gracieux.<\/p>\n\n\n\n<p><\/p>\n\n\n\n<p><\/p>\n\n\n\n<p><\/p>\n","protected":false},"excerpt":{"rendered":"<p>Stage Cabaret janvier 2026 Stage Cabaret de novembre 2025 Stage Urban Contempo le 10 mai 2025 Stage CABARET le 12<\/p>\n","protected":false},"author":2,"featured_media":0,"parent":0,"menu_order":0,"comment_status":"closed","ping_status":"closed","template":"","meta":{"footnotes":""},"class_list":["post-308","page","type-page","status-publish","hentry","comments-off"],"yoast_head":"<!-- This site is optimized with the Yoast SEO plugin v27.5 - https:\/\/yoast.com\/product\/yoast-seo-wordpress\/ -->\n<title>Stage Modern Jazz - Association Sportive de Brindas<\/title>\n<meta name=\"robots\" content=\"index, follow, max-snippet:-1, max-image-preview:large, max-video-preview:-1\" \/>\n<link rel=\"canonical\" href=\"https:\/\/asbrindas.fr\/index.php\/stages-danse\/\" \/>\n<meta property=\"og:locale\" content=\"fr_FR\" \/>\n<meta property=\"og:type\" content=\"article\" \/>\n<meta property=\"og:title\" content=\"Stage Modern Jazz - Association Sportive de Brindas\" \/>\n<meta property=\"og:description\" content=\"Stage Cabaret janvier 2026 Stage Cabaret de novembre 2025 Stage Urban Contempo le 10 mai 2025 Stage CABARET le 12\" \/>\n<meta property=\"og:url\" content=\"https:\/\/asbrindas.fr\/index.php\/stages-danse\/\" \/>\n<meta property=\"og:site_name\" content=\"Association Sportive de Brindas\" \/>\n<meta property=\"article:modified_time\" content=\"2026-01-12T18:04:00+00:00\" \/>\n<meta property=\"og:image\" content=\"https:\/\/asbrindas.fr\/wp-content\/uploads\/2026\/01\/stage-cabaret-janvier-2026-1.png\" \/>\n\t<meta property=\"og:image:width\" content=\"1080\" \/>\n\t<meta property=\"og:image:height\" content=\"1080\" \/>\n\t<meta property=\"og:image:type\" content=\"image\/png\" \/>\n<meta name=\"twitter:card\" content=\"summary_large_image\" \/>\n<meta name=\"twitter:label1\" content=\"Dur\u00e9e de lecture estim\u00e9e\" \/>\n\t<meta name=\"twitter:data1\" content=\"2 minutes\" \/>\n<script type=\"application\/ld+json\" class=\"yoast-schema-graph\">{\"@context\":\"https:\\\/\\\/schema.org\",\"@graph\":[{\"@type\":\"WebPage\",\"@id\":\"https:\\\/\\\/asbrindas.fr\\\/index.php\\\/stages-danse\\\/\",\"url\":\"https:\\\/\\\/asbrindas.fr\\\/index.php\\\/stages-danse\\\/\",\"name\":\"Stage Modern Jazz - Association Sportive de Brindas\",\"isPartOf\":{\"@id\":\"http:\\\/\\\/asbrindas.fr\\\/#website\"},\"primaryImageOfPage\":{\"@id\":\"https:\\\/\\\/asbrindas.fr\\\/index.php\\\/stages-danse\\\/#primaryimage\"},\"image\":{\"@id\":\"https:\\\/\\\/asbrindas.fr\\\/index.php\\\/stages-danse\\\/#primaryimage\"},\"thumbnailUrl\":\"https:\\\/\\\/asbrindas.fr\\\/wp-content\\\/uploads\\\/2026\\\/01\\\/stage-cabaret-janvier-2026-1-1024x1024.png\",\"datePublished\":\"2024-02-08T14:29:08+00:00\",\"dateModified\":\"2026-01-12T18:04:00+00:00\",\"breadcrumb\":{\"@id\":\"https:\\\/\\\/asbrindas.fr\\\/index.php\\\/stages-danse\\\/#breadcrumb\"},\"inLanguage\":\"fr-FR\",\"potentialAction\":[{\"@type\":\"ReadAction\",\"target\":[\"https:\\\/\\\/asbrindas.fr\\\/index.php\\\/stages-danse\\\/\"]}]},{\"@type\":\"ImageObject\",\"inLanguage\":\"fr-FR\",\"@id\":\"https:\\\/\\\/asbrindas.fr\\\/index.php\\\/stages-danse\\\/#primaryimage\",\"url\":\"https:\\\/\\\/asbrindas.fr\\\/wp-content\\\/uploads\\\/2026\\\/01\\\/stage-cabaret-janvier-2026-1.png\",\"contentUrl\":\"https:\\\/\\\/asbrindas.fr\\\/wp-content\\\/uploads\\\/2026\\\/01\\\/stage-cabaret-janvier-2026-1.png\",\"width\":1080,\"height\":1080},{\"@type\":\"BreadcrumbList\",\"@id\":\"https:\\\/\\\/asbrindas.fr\\\/index.php\\\/stages-danse\\\/#breadcrumb\",\"itemListElement\":[{\"@type\":\"ListItem\",\"position\":1,\"name\":\"Accueil\",\"item\":\"http:\\\/\\\/asbrindas.fr\\\/\"},{\"@type\":\"ListItem\",\"position\":2,\"name\":\"Stage Modern Jazz\"}]},{\"@type\":\"WebSite\",\"@id\":\"http:\\\/\\\/asbrindas.fr\\\/#website\",\"url\":\"http:\\\/\\\/asbrindas.fr\\\/\",\"name\":\"Association Sportive de Brindas - ASB\",\"description\":\"Association Sportive Brindas\",\"publisher\":{\"@id\":\"http:\\\/\\\/asbrindas.fr\\\/#organization\"},\"potentialAction\":[{\"@type\":\"SearchAction\",\"target\":{\"@type\":\"EntryPoint\",\"urlTemplate\":\"http:\\\/\\\/asbrindas.fr\\\/?s={search_term_string}\"},\"query-input\":{\"@type\":\"PropertyValueSpecification\",\"valueRequired\":true,\"valueName\":\"search_term_string\"}}],\"inLanguage\":\"fr-FR\"},{\"@type\":\"Organization\",\"@id\":\"http:\\\/\\\/asbrindas.fr\\\/#organization\",\"name\":\"Association Sportive de Brindas - ASB\",\"url\":\"http:\\\/\\\/asbrindas.fr\\\/\",\"logo\":{\"@type\":\"ImageObject\",\"inLanguage\":\"fr-FR\",\"@id\":\"http:\\\/\\\/asbrindas.fr\\\/#\\\/schema\\\/logo\\\/image\\\/\",\"url\":\"http:\\\/\\\/asbrindas.fr\\\/wp-content\\\/uploads\\\/2024\\\/07\\\/Logo-ASB-80.png\",\"contentUrl\":\"http:\\\/\\\/asbrindas.fr\\\/wp-content\\\/uploads\\\/2024\\\/07\\\/Logo-ASB-80.png\",\"width\":228,\"height\":219,\"caption\":\"Association Sportive de Brindas - ASB\"},\"image\":{\"@id\":\"http:\\\/\\\/asbrindas.fr\\\/#\\\/schema\\\/logo\\\/image\\\/\"}}]}<\/script>\n<!-- \/ Yoast SEO plugin. -->","yoast_head_json":{"title":"Stage Modern Jazz - Association Sportive de Brindas","robots":{"index":"index","follow":"follow","max-snippet":"max-snippet:-1","max-image-preview":"max-image-preview:large","max-video-preview":"max-video-preview:-1"},"canonical":"https:\/\/asbrindas.fr\/index.php\/stages-danse\/","og_locale":"fr_FR","og_type":"article","og_title":"Stage Modern Jazz - Association Sportive de Brindas","og_description":"Stage Cabaret janvier 2026 Stage Cabaret de novembre 2025 Stage Urban Contempo le 10 mai 2025 Stage CABARET le 12","og_url":"https:\/\/asbrindas.fr\/index.php\/stages-danse\/","og_site_name":"Association Sportive de Brindas","article_modified_time":"2026-01-12T18:04:00+00:00","og_image":[{"width":1080,"height":1080,"url":"https:\/\/asbrindas.fr\/wp-content\/uploads\/2026\/01\/stage-cabaret-janvier-2026-1.png","type":"image\/png"}],"twitter_card":"summary_large_image","twitter_misc":{"Dur\u00e9e de lecture estim\u00e9e":"2 minutes"},"schema":{"@context":"https:\/\/schema.org","@graph":[{"@type":"WebPage","@id":"https:\/\/asbrindas.fr\/index.php\/stages-danse\/","url":"https:\/\/asbrindas.fr\/index.php\/stages-danse\/","name":"Stage Modern Jazz - Association Sportive de Brindas","isPartOf":{"@id":"http:\/\/asbrindas.fr\/#website"},"primaryImageOfPage":{"@id":"https:\/\/asbrindas.fr\/index.php\/stages-danse\/#primaryimage"},"image":{"@id":"https:\/\/asbrindas.fr\/index.php\/stages-danse\/#primaryimage"},"thumbnailUrl":"https:\/\/asbrindas.fr\/wp-content\/uploads\/2026\/01\/stage-cabaret-janvier-2026-1-1024x1024.png","datePublished":"2024-02-08T14:29:08+00:00","dateModified":"2026-01-12T18:04:00+00:00","breadcrumb":{"@id":"https:\/\/asbrindas.fr\/index.php\/stages-danse\/#breadcrumb"},"inLanguage":"fr-FR","potentialAction":[{"@type":"ReadAction","target":["https:\/\/asbrindas.fr\/index.php\/stages-danse\/"]}]},{"@type":"ImageObject","inLanguage":"fr-FR","@id":"https:\/\/asbrindas.fr\/index.php\/stages-danse\/#primaryimage","url":"https:\/\/asbrindas.fr\/wp-content\/uploads\/2026\/01\/stage-cabaret-janvier-2026-1.png","contentUrl":"https:\/\/asbrindas.fr\/wp-content\/uploads\/2026\/01\/stage-cabaret-janvier-2026-1.png","width":1080,"height":1080},{"@type":"BreadcrumbList","@id":"https:\/\/asbrindas.fr\/index.php\/stages-danse\/#breadcrumb","itemListElement":[{"@type":"ListItem","position":1,"name":"Accueil","item":"http:\/\/asbrindas.fr\/"},{"@type":"ListItem","position":2,"name":"Stage Modern Jazz"}]},{"@type":"WebSite","@id":"http:\/\/asbrindas.fr\/#website","url":"http:\/\/asbrindas.fr\/","name":"Association Sportive de Brindas - ASB","description":"Association Sportive Brindas","publisher":{"@id":"http:\/\/asbrindas.fr\/#organization"},"potentialAction":[{"@type":"SearchAction","target":{"@type":"EntryPoint","urlTemplate":"http:\/\/asbrindas.fr\/?s={search_term_string}"},"query-input":{"@type":"PropertyValueSpecification","valueRequired":true,"valueName":"search_term_string"}}],"inLanguage":"fr-FR"},{"@type":"Organization","@id":"http:\/\/asbrindas.fr\/#organization","name":"Association Sportive de Brindas - ASB","url":"http:\/\/asbrindas.fr\/","logo":{"@type":"ImageObject","inLanguage":"fr-FR","@id":"http:\/\/asbrindas.fr\/#\/schema\/logo\/image\/","url":"http:\/\/asbrindas.fr\/wp-content\/uploads\/2024\/07\/Logo-ASB-80.png","contentUrl":"http:\/\/asbrindas.fr\/wp-content\/uploads\/2024\/07\/Logo-ASB-80.png","width":228,"height":219,"caption":"Association Sportive de Brindas - ASB"},"image":{"@id":"http:\/\/asbrindas.fr\/#\/schema\/logo\/image\/"}}]}},"_links":{"self":[{"href":"https:\/\/asbrindas.fr\/index.php\/wp-json\/wp\/v2\/pages\/308","targetHints":{"allow":["GET"]}}],"collection":[{"href":"https:\/\/asbrindas.fr\/index.php\/wp-json\/wp\/v2\/pages"}],"about":[{"href":"https:\/\/asbrindas.fr\/index.php\/wp-json\/wp\/v2\/types\/page"}],"author":[{"embeddable":true,"href":"https:\/\/asbrindas.fr\/index.php\/wp-json\/wp\/v2\/users\/2"}],"replies":[{"embeddable":true,"href":"https:\/\/asbrindas.fr\/index.php\/wp-json\/wp\/v2\/comments?post=308"}],"version-history":[{"count":9,"href":"https:\/\/asbrindas.fr\/index.php\/wp-json\/wp\/v2\/pages\/308\/revisions"}],"predecessor-version":[{"id":1527,"href":"https:\/\/asbrindas.fr\/index.php\/wp-json\/wp\/v2\/pages\/308\/revisions\/1527"}],"wp:attachment":[{"href":"https:\/\/asbrindas.fr\/index.php\/wp-json\/wp\/v2\/media?parent=308"}],"curies":[{"name":"wp","href":"https:\/\/api.w.org\/{rel}","templated":true}]}}